{"id":40,"date":"2022-08-21T11:38:31","date_gmt":"2022-08-21T09:38:31","guid":{"rendered":"https:\/\/skolkahaj.cz.uvirt121.active24.cz\/jidelna\/?page_id=40"},"modified":"2026-02-19T10:38:17","modified_gmt":"2026-02-19T09:38:17","slug":"jidelna-ms","status":"publish","type":"page","link":"https:\/\/skolkahaj.cz\/jidelna\/jidelna-ms\/","title":{"rendered":"J\u00eddelna M\u0160"},"content":{"rendered":"<h1>Informace str\u00e1vn\u00edk\u016fm M\u0160<\/h1>\n<div class=\"special_odkaz\">\n<p align=\"left\"><span style=\"font-size: 10pt\"><strong>Informace str\u00e1vn\u00edk\u016fm Mate\u0159sk\u00e9 \u0161koly H\u00e1j ve Slezsku<\/strong><\/span><span style=\"color: #0000ff\"><u><br \/>\n<\/u><\/span><br \/>\n<span style=\"color: #ff0000\"><strong>P\u0158\u00cdJ\u00cdM\u00c1N\u00cd STR\u00c1VN\u00cdK\u016e<\/strong><br \/>\n<\/span>V\u0161ichni str\u00e1vn\u00edci jsou p\u0159ij\u00edm\u00e1n\u00ed ke stravov\u00e1n\u00ed na z\u00e1klad\u011b p\u0159ihl\u00e1\u0161ky.<\/p>\n<p><span style=\"color: #ff0000\"><strong>P\u0158IHL\u00c1\u0160KY &#8211; ODHL\u00c1\u0160KY <\/strong><\/span>ob\u011bd\u016f se p\u0159ij\u00edmaj\u00ed den p\u0159edem do 8.00 hod. Odhl\u00e1\u0161ky se p\u0159ij\u00edmaj\u00ed na jednotliv\u00fdch mate\u0159sk\u00fdch \u0161kol\u00e1ch osobn\u011b nebo telefonicky. Mimo pracovn\u00ed dobu na z\u00e1znamn\u00edk s ud\u00e1n\u00edm konkr\u00e9tn\u00edch datum\u016f term\u00ednu odhl\u00e1\u0161ky \u2013 od- do, jm. (tel.: 553 773 002). Jen v pond\u011bl\u00ed je mo\u017eno se p\u0159ihl\u00e1sit \u010di odhl\u00e1sit do 8.00 hodin na tento den. P\u0159ij\u00edm\u00e1me jen p\u0159esn\u011b term\u00ednovan\u00e9 odhl\u00e1\u0161ky.<br \/>\nUpozor\u0148uji v\u0161echny str\u00e1vn\u00edky a jejich rodi\u010de, \u017ee pokud d\u00edt\u011b nep\u0159ijde do mate\u0159sk\u00e9 \u0161koly, neznamen\u00e1 to, \u017ee je automaticky odhl\u00e1\u0161eno ze stravov\u00e1n\u00ed.<br \/>\n<strong>Rodi\u010de, jejich\u017e d\u00edt\u011b onemocn\u00ed &#8211; tzn., \u017ee nep\u0159ijde do mate\u0159sk\u00e9 \u0161koly, si mohou odebrat j\u00eddlo sv\u00e9ho d\u00edt\u011bte do nosi\u010de pouze prvn\u00ed den nemoci v M\u0160 v dob\u011b od 11.20 do 11.30 hod.<\/strong> za dotovanou cenu. Dal\u0161\u00ed dny jsou rodi\u010de povinni si odhl\u00e1sit stravu, nebo\u0165 jejich d\u011bti nemaj\u00ed n\u00e1rok na \u00falevy ve \u0161koln\u00edm stravov\u00e1n\u00ed pokud nedoch\u00e1zej\u00ed do \u0161koly. Cena ob\u011bdu v dob\u011b nemoci d\u00edt\u011bte je nav\u00fd\u0161ena o re\u017eijn\u00ed a mzdov\u00e9 n\u00e1klady: M\u0160 H\u00e1j +45 K\u010d, M\u0160 Smolkov a M\u0160 Lhota + 51 K\u010d (s dopravou)<\/p>\n<p><span style=\"color: #ff0000\">Upozorn\u011bn\u00ed:<\/span> Dle vyhl\u00e1\u0161ky nejsou d\u011bti za\u0159azov\u00e1n\u00ed do cenov\u00fdch kategori\u00ed podle t\u0159\u00edd, ale podle v\u011bku: \u00a0I.kategorie 3-6 let,\u00a0 II.kategorie 7-10 let. Do v\u011bkov\u00fdch skupin jsou str\u00e1vn\u00edci za\u0159azov\u00e1ni na dobu \u0161koln\u00edho roku, ve kter\u00e9m dan\u00e9ho v\u011bku dosahuj\u00ed. \u0160koln\u00ed rok je od 1.9. &#8211; 31.8. dan\u00e9ho \u0161koln\u00edho roku.<\/p>\n<h2 align=\"left\">Cena j\u00eddla &#8211; potraviny<\/h2>\n<\/div>\n<table style=\"border-collapse: collapse;width: 100%;height: 120px\">\n<tbody>\n<tr>\n<td style=\"width: 33.3333%\"><strong>\u00a0<\/strong><\/td>\n<td style=\"width: 33.3333%\">I. kategorie<\/td>\n<td style=\"width: 33.3333%\">II. kategorie<\/td>\n<\/tr>\n<tr style=\"height: 24px\">\n<td style=\"width: 33.3333%;height: 24px\"><strong>rann\u00ed sva\u010dina<\/strong><\/td>\n<td style=\"width: 33.3333%;height: 24px\">11,- K\u010d<\/td>\n<td style=\"width: 33.3333%;height: 24px\">12,- K\u010d<\/td>\n<\/tr>\n<tr style=\"height: 24px\">\n<td style=\"width: 33.3333%;height: 24px\">ob\u011bd<\/td>\n<td style=\"width: 33.3333%;height: 24px\">24,- K\u010d<\/td>\n<td style=\"width: 33.3333%;height: 24px\">25,- K\u010d<\/td>\n<\/tr>\n<tr style=\"height: 24px\">\n<td style=\"width: 33.3333%;height: 24px\">odpoledn\u00ed sva\u010dina<\/td>\n<td style=\"width: 33.3333%;height: 24px\">10,- K\u010d<\/td>\n<td style=\"width: 33.3333%;height: 24px\">10,- K\u010d<\/td>\n<\/tr>\n<tr style=\"height: 24px\">\n<td style=\"width: 33.3333%;height: 24px\">celodenn\u00ed<\/td>\n<td style=\"width: 33.3333%;height: 24px\">45,- K\u010d<\/td>\n<td style=\"width: 33.3333%;height: 24px\">47,- K\u010d<\/td>\n<\/tr>\n<tr style=\"height: 24px\">\n<td style=\"width: 33.3333%;height: 24px\">polodenn\u00ed<\/td>\n<td style=\"width: 33.3333%;height: 24px\">35,- K\u010d<\/td>\n<td style=\"width: 33.3333%;height: 24px\">37,- K\u010d<\/td>\n<\/tr>\n<\/tbody>\n<\/table>\n<div class=\"special_odkaz\">\n<p align=\"left\">Rodi\u010de hrad\u00ed pouze hodnotu za potraviny podle st\u00e1\u0159\u00ed d\u00edt\u011bte. Re\u017eijn\u00ed n\u00e1klady na jeden ob\u011bd jsou hrazeny z p\u0159\u00edsp\u011bvku Obce H\u00e1j ve Slezsku. Mzdov\u00e9 n\u00e1klady jsou od 1. 1. 2026 rovn\u011b\u017e hrazeny z p\u0159\u00edsp\u011bvku Obce H\u00e1j ve Slezsku.<\/p>\n<p><span style=\"color: #ff0000\"><strong>\u00dahrada j\u00eddla:<\/strong><br \/>\n<\/span>\u00dahrada stravn\u00e9ho je prov\u00e1d\u011bna v\u017edy na dan\u00fd m\u011bs\u00edc.<\/p>\n<p>K platb\u011b m\u016f\u017eete pou\u017e\u00edt tyto mo\u017enosti:<\/p>\n<p><span style=\"color: #0000ff\">&#8211; inkasn\u00ed souhlas z jak\u00e9koliv banky<\/span>\u00a0 &#8211; tzn. ve sv\u00e9 bance podepsat souhlas k inkasu k n\u00ed\u017ee uveden\u00e9mu \u00fa\u010dtu a o tuto skute\u010dnost ozn\u00e1mit ve \u0161koln\u00ed j\u00eddeln\u011b v\u010detn\u011b sv\u00e9ho \u010d\u00edsla \u00fa\u010dtu.<\/p>\n<p>&#8211; <span style=\"color: #0000ff\">trval\u00fd p\u0159\u00edkaz\u00a0 &#8211; nutno uv\u00e1d\u011bt variabiln\u00ed symbol<\/span><\/p>\n<p><span style=\"color: #0000ff\">T<\/span>oto stravn\u00e9 se vy\u00fa\u010dtov\u00e1v\u00e1 dvakr\u00e1t ro\u010dn\u011b: k 31. 12. a k 30. 6. v dan\u00e9m \u0161koln\u00edm roce.<\/p>\n<p>Jednotliv\u00e9 \u010d\u00e1stky trval\u00fdch p\u0159\u00edkaz\u016f pro str\u00e1vn\u00edky v M\u0160:<\/p>\n<p>&#8211; M\u0160 rann\u00ed sva\u010dina 240,- K\u010d;<\/p>\n<p>&#8211; M\u0160 celodenn\u00ed strava 900,- K\u010d, d\u011bti s odkladem 950,&#8211;K\u010d<\/p>\n<p><span style=\"color: #3366ff\"><span style=\"color: #0000ff\">&#8211; informativn\u00ed l\u00edstek o platb\u011b<\/span>, <span style=\"color: #000000\">kter\u00fd je splatn\u00fd do 1<span style=\"color: #000000\">5. dne dan\u00e9ho m\u011bs\u00edce. Informativn\u00ed l\u00edstky se vyd\u00e1vaj\u00ed v\u017edy na dan\u00fd m\u011bs\u00edc podle po\u010dtu objednan\u00fdch j\u00eddel. Stravn\u00e9 je sn\u00ed\u017eeno o skute\u010dnost neodebran\u00fdch ob\u011bd\u016f v minul\u00e9m m\u011bs\u00edci nebo zv\u00fd\u0161eno, pokud stravn\u00e9 nebylo uhrazeno v\u010das nebo nebyla odhl\u00e1\u0161ena strava v dob\u011b nep\u0159\u00edtomnosti ve \u0161kole.<\/span><\/span><\/span><span style=\"color: #000000\">\u00a0 L\u00edstky o platb\u011b jsou pro z\u00e1jemce zas\u00edl\u00e1ny p\u0159es e-mail adresy.\u00a0 \u00a0 \u00a0 \u00a0 \u00a0 \u00a0 \u00a0 \u00a0 \u00a0 \u00a0 \u00a0 \u00a0 \u00a0\u00a0<\/span><\/p>\n<p><span style=\"color: #000000\"><span style=\"color: #0000ff\">\u010c\u00edslo \u00fa\u010dtu k placen\u00ed:\u00a0<strong> 035-1846299389\/0800<\/strong><\/span><\/span><\/p>\n<p><span style=\"color: #000000\"><span style=\"color: #0000ff\">Jako variabiln\u00ed symbol se pou\u017e\u00edv\u00e1 \u010d\u00edslo str\u00e1vn\u00edka (z\u00edsk\u00e1te u vedouc\u00ed \u0160J) <\/span>\u00a0<\/span><\/p>\n<\/div>\n<div class=\"special_odkaz\">\n<p>Pros\u00edme str\u00e1vn\u00edky o zaveden\u00ed \u00fahrady stravn\u00e9ho inkasn\u00edm souhlasem.<br \/>\nM\u0160 zodpov\u00edd\u00e1 za kvalitu stravy spot\u0159ebovan\u00e9 v dob\u011b pobytu d\u00edt\u011bte v mate\u0159sk\u00e9 \u0161kole.<\/p>\n<p>Dal\u0161\u00ed informace V\u00e1m poskytne vedouc\u00ed \u0160J p\u0159i Mate\u0159sk\u00e9 \u0161kole H\u00e1j ve Slezsku<br \/>\nosobn\u011b nebo na tel.\u010d. 553 773 002.<\/p>\n<p><span style=\"color: #0000ff\">V\u0161em str\u00e1vn\u00edk\u016fm p\u0159ejeme dobrou chu\u0165.<br \/>\nDagmar M o r a v c o v \u00e1, ved. \u0160J<br \/>\na kolektiv \u0161koln\u00ed j\u00eddelny p\u0159i Mate\u0159sk\u00e9 \u0161kole H\u00e1j ve Slezsku<\/span><\/p>\n<\/div>\n","protected":false},"excerpt":{"rendered":"<p>Informace str\u00e1vn\u00edk\u016fm M\u0160 Informace str\u00e1vn\u00edk\u016fm Mate\u0159sk\u00e9 \u0161koly H\u00e1j ve Slezsku P\u0158\u00cdJ\u00cdM\u00c1N\u00cd STR\u00c1VN\u00cdK\u016e V\u0161ichni str\u00e1vn\u00edci jsou p\u0159ij\u00edm\u00e1n\u00ed ke stravov\u00e1n\u00ed na z\u00e1klad\u011b p\u0159ihl\u00e1\u0161ky. P\u0158IHL\u00c1\u0160KY &#8211; ODHL\u00c1\u0160KY ob\u011bd\u016f se p\u0159ij\u00edmaj\u00ed den p\u0159edem do [&hellip;]<\/p>\n","protected":false},"author":3,"featured_media":0,"parent":0,"menu_order":0,"comment_status":"closed","ping_status":"closed","template":"","meta":[],"_links":{"self":[{"href":"https:\/\/skolkahaj.cz\/jidelna\/wp-json\/wp\/v2\/pages\/40"}],"collection":[{"href":"https:\/\/skolkahaj.cz\/jidelna\/wp-json\/wp\/v2\/pages"}],"about":[{"href":"https:\/\/skolkahaj.cz\/jidelna\/wp-json\/wp\/v2\/types\/page"}],"author":[{"embeddable":true,"href":"https:\/\/skolkahaj.cz\/jidelna\/wp-json\/wp\/v2\/users\/3"}],"replies":[{"embeddable":true,"href":"https:\/\/skolkahaj.cz\/jidelna\/wp-json\/wp\/v2\/comments?post=40"}],"version-history":[{"count":9,"href":"https:\/\/skolkahaj.cz\/jidelna\/wp-json\/wp\/v2\/pages\/40\/revisions"}],"predecessor-version":[{"id":438,"href":"https:\/\/skolkahaj.cz\/jidelna\/wp-json\/wp\/v2\/pages\/40\/revisions\/438"}],"wp:attachment":[{"href":"https:\/\/skolkahaj.cz\/jidelna\/wp-json\/wp\/v2\/media?parent=40"}],"curies":[{"name":"wp","href":"https:\/\/api.w.org\/{rel}","templated":true}]}}