{"id":22,"date":"2022-08-21T11:26:27","date_gmt":"2022-08-21T09:26:27","guid":{"rendered":"https:\/\/skolkahaj.cz.uvirt121.active24.cz\/jidelna\/?page_id=22"},"modified":"2026-04-02T08:02:08","modified_gmt":"2026-04-02T06:02:08","slug":"tym","status":"publish","type":"page","link":"https:\/\/skolkahaj.cz\/jidelna\/tym\/","title":{"rendered":"T\u00fdm"},"content":{"rendered":"<h1>T\u00fdm j\u00eddelny<\/h1>\n<h2><span style=\"color: #003366\">Vedouc\u00ed \u0161koln\u00ed j\u00eddelny p\u0159i M\u0160 H\u00e1j ve Slezsku<\/span><\/h2>\n<ul>\n<li>Dagmar Moravcov\u00e1<\/li>\n<\/ul>\n<h2><span style=\"color: #003366\">\u0158editelka mate\u0159sk\u00e9 \u0161koly H\u00e1j ve Slezsku<\/span><\/h2>\n<ul>\n<li>Alice Hrano\u0161ov\u00e1<\/li>\n<\/ul>\n<h2><span style=\"color: #003366\">Hospod\u00e1\u0159ka \u0161koly &#8211; \u00fa\u010detn\u00ed<\/span><\/h2>\n<ul>\n<li>Ivana Fickov\u00e1<\/li>\n<\/ul>\n<h2><span style=\"color: #003366\">Pracovnice \u0161koln\u00ed j\u00eddelny<\/span><\/h2>\n<ul>\n<li>V\u011bra Zahradn\u00edkov\u00e1 &#8211; vedouc\u00ed kucha\u0159ka<\/li>\n<li>Alena Janov\u00e1\u010dov\u00e1 &#8211; kucha\u0159ka<\/li>\n<li>Dagmar Klime\u0161ov\u00e1 &#8211; kucha\u0159ka<\/li>\n<li>\u0160\u00e1rka Sl\u00ed\u017ekov\u00e1<\/li>\n<li>Hana Stareczkov\u00e1<\/li>\n<li>Jaroslava Rozko\u0161n\u00e1<\/li>\n<li>Jana N\u00e1b\u011blkov\u00e1<\/li>\n<li>Radka \u010cern\u00e1<\/li>\n<li>Olena Dobrovolska<\/li>\n<li>Ivana Krumlov\u00e1<\/li>\n<\/ul>\n<p><img loading=\"lazy\" class=\"alignnone size-medium wp-image-411\" src=\"https:\/\/skolkahaj.cz\/jidelna\/wp-content\/uploads\/sites\/5\/2025\/09\/na-web-300x225.jpg\" alt=\"\" width=\"300\" height=\"225\" srcset=\"https:\/\/skolkahaj.cz\/jidelna\/wp-content\/uploads\/sites\/5\/2025\/09\/na-web-300x225.jpg 300w, https:\/\/skolkahaj.cz\/jidelna\/wp-content\/uploads\/sites\/5\/2025\/09\/na-web-1024x769.jpg 1024w, https:\/\/skolkahaj.cz\/jidelna\/wp-content\/uploads\/sites\/5\/2025\/09\/na-web-768x576.jpg 768w, https:\/\/skolkahaj.cz\/jidelna\/wp-content\/uploads\/sites\/5\/2025\/09\/na-web.jpg 1299w\" sizes=\"(max-width: 300px) 100vw, 300px\" \/><\/p>\n","protected":false},"excerpt":{"rendered":"<p>T\u00fdm j\u00eddelny Vedouc\u00ed \u0161koln\u00ed j\u00eddelny p\u0159i M\u0160 H\u00e1j ve Slezsku Dagmar Moravcov\u00e1 \u0158editelka mate\u0159sk\u00e9 \u0161koly H\u00e1j ve Slezsku Alice Hrano\u0161ov\u00e1 Hospod\u00e1\u0159ka \u0161koly &#8211; \u00fa\u010detn\u00ed Ivana Fickov\u00e1 Pracovnice \u0161koln\u00ed j\u00eddelny V\u011bra [&hellip;]<\/p>\n","protected":false},"author":3,"featured_media":0,"parent":0,"menu_order":0,"comment_status":"closed","ping_status":"closed","template":"","meta":[],"_links":{"self":[{"href":"https:\/\/skolkahaj.cz\/jidelna\/wp-json\/wp\/v2\/pages\/22"}],"collection":[{"href":"https:\/\/skolkahaj.cz\/jidelna\/wp-json\/wp\/v2\/pages"}],"about":[{"href":"https:\/\/skolkahaj.cz\/jidelna\/wp-json\/wp\/v2\/types\/page"}],"author":[{"embeddable":true,"href":"https:\/\/skolkahaj.cz\/jidelna\/wp-json\/wp\/v2\/users\/3"}],"replies":[{"embeddable":true,"href":"https:\/\/skolkahaj.cz\/jidelna\/wp-json\/wp\/v2\/comments?post=22"}],"version-history":[{"count":15,"href":"https:\/\/skolkahaj.cz\/jidelna\/wp-json\/wp\/v2\/pages\/22\/revisions"}],"predecessor-version":[{"id":448,"href":"https:\/\/skolkahaj.cz\/jidelna\/wp-json\/wp\/v2\/pages\/22\/revisions\/448"}],"wp:attachment":[{"href":"https:\/\/skolkahaj.cz\/jidelna\/wp-json\/wp\/v2\/media?parent=22"}],"curies":[{"name":"wp","href":"https:\/\/api.w.org\/{rel}","templated":true}]}}